{"version":"1.0","provider_name":"L\u00e1thatatlan Val\u00f3s\u00e1g","provider_url":"https:\/\/lathatatlanvalosag.cafeblog.hu","author_name":"Eva Evans","author_url":"https:\/\/lathatatlanvalosag.cafeblog.hu\/author\/eva_evans\/","title":"M\u00e1r nem f\u00e9lek!","html":"<p class=\"lead\" style=\"line-height: 16.5pt;background: white;margin: 7.5pt 0cm;text-align: justify\"><b><span style=\"font-size: 10.5pt;font-family: 'Arial',sans-serif;color: #797979\"><img class=\"alignleft size-medium wp-image-235\" src=\"https:\/\/lathatatlanvalosag.cafeblog.hu\/files\/2018\/03\/1.12-spiritu\u00e1lis-gyermeknevel\u00e9s-300x200.jpg\" alt=\"\" width=\"300\" height=\"200\" \/>Azt hiszem r\u00e9mlik valami, nagyon r\u00e9gr\u0151l, gyermekkoromb\u00f3l, de csak \u00fagy halv\u00e1nyan dereng. Tal\u00e1n nem is t\u00f6rt\u00e9nt meg, csak h\u00e1t akkor hogyan mer\u00fcl fel bennem. Eml\u00e9kszem, hogy volt egy jelens\u00e9g, akivel b\u00e1rmikor \u00e9s b\u00e1rhol tudtam besz\u00e9lgetni. Csod\u00e1s \u00e9rz\u00e9s volt \u00e9s valahogy mindig megnyugodtam a jelenl\u00e9t\u00e9ben. Z\u0171r\u00f6s gyerek voltam, l\u00e1zad\u00f3 szellem. De amikor \u0151 megjelent, - tal\u00e1n h\u00edvtam, - nem is tudom, akkor j\u00f3l \u00e9reztem magam. Tal\u00e1n egy angyal volt.<\/span><\/b><\/p>\r\n<p style=\"text-align: justify;line-height: 16.5pt;background: white;margin: 7.5pt 0cm 7.5pt 0cm\"><span style=\"font-size: 10.5pt;font-family: 'Arial',sans-serif;color: #797979\">A halv\u00e1ny dereng\u00e9se, f\u00e9nye \u00e9s szeretete ezt sugallta sz\u00e1momra.<\/span><\/p>\r\n<p style=\"text-align: justify;line-height: 16.5pt;background: white;margin: 7.5pt 0cm 7.5pt 0cm\"><span style=\"font-size: 10.5pt;font-family: 'Arial',sans-serif;color: #797979\">Most hogy a l\u00e1nyom is err\u0151l besz\u00e9lt, azonnal felj\u00f6tt bennem ez az eml\u00e9k. Igen azt hiszem eml\u00e9k ez. \u00c9s milyen \u00e9rdekes, hogy elt\u0171nt az \u00e9letemb\u0151l ez a \u201edolog\u201d. Nem is hiszek az angyalokban. Sem a szellemekben. Erre tess\u00e9k. Mintha nekem is lett volna k\u00f6z\u00f6m hozz\u00e1, mint most a l\u00e1nyomnak.<\/span><\/p>\r\n<p style=\"text-align: justify;line-height: 16.5pt;background: white;margin: 7.5pt 0cm 7.5pt 0cm\"><span style=\"font-size: 10.5pt;font-family: 'Arial',sans-serif;color: #797979\">A gyermeki tapasztalatok nagy r\u00e9sze elt\u0171nik, pontosabban beintegr\u00e1l\u00f3dik a szem\u00e9lyis\u00e9gbe \u00e9s az eml\u00e9kk\u00e9pek sokas\u00e1ga a r\u00e9git m\u00e9lyen elrakt\u00e1rozva az \u00fajaknak ad helyet. Amit nem haszn\u00e1lunk, nem \u00e9ltetj\u00fck, az egy h\u00e1ts\u00f3 polcra ker\u00fcl. Pont ez\u00e9rt van, hogy am\u00edg nem kezd\u0151dik el az iskola, a materi\u00e1lis vil\u00e1g megismer\u00e9se, addig a gyermekek kommunik\u00e1lnak, benne \u00e9lnek a dimenzion\u00e1lis vil\u00e1g \u00e9rz\u00e9kel\u00e9s\u00e9ben. Mert nekik az a term\u00e9szetes. Azt\u00e1n az iskol\u00e1ban nagyon sok \u00faj \u00e9s sz\u00e1mukra \u00e9rdekes dolgot tanulnak meg a k\u00f6rnyezet\u00fckr\u0151l, \u00e9s \u00edgy sz\u00e9p lassan az angyali vil\u00e1g feled\u00e9sbe mer\u00fcl. Sajnos.<\/span><\/p>\r\n<p style=\"text-align: justify;line-height: 16.5pt;background: white;margin: 7.5pt 0cm 7.5pt 0cm\"><span style=\"font-size: 10.5pt;font-family: 'Arial',sans-serif;color: #797979\">Nem k\u00e9ne, hogy \u00edgy legyen, hiszen gondolj csak bele, milyen j\u00f3 lenne a tudat, hogy sosem vagy egyed\u00fcl, hogy mindig van seg\u00edts\u00e9g, hogy mindig tudsz kihez sz\u00f3lni, hogy a legnehezebb pillanatokat is t\u00fal lehet \u00e9lni, mert b\u00e1rmikor amikor sz\u00fcks\u00e9ged van r\u00e1, kapsz n\u00e9h\u00e1ny meger\u0151s\u00edt\u0151, lelkes\u00edt\u0151 sz\u00f3t, szeretetet, figyelmet, t\u00e1mogat\u00e1st.<\/span><\/p>\r\n<p style=\"text-align: justify;line-height: 16.5pt;background: white;margin: 7.5pt 0cm 7.5pt 0cm\"><span style=\"font-size: 10.5pt;font-family: 'Arial',sans-serif;color: #797979\">Ez a vil\u00e1g l\u00e9tezik, ez a l\u00e1thatatlan val\u00f3s\u00e1g mindig itt van, k\u00f6r\u00fcl\u00f6tted, csak \u00e9pp nem veszel r\u00f3la tudom\u00e1st, mert elfelejtetted.<\/span><\/p>\r\n<p style=\"text-align: justify;line-height: 16.5pt;background: white;margin: 7.5pt 0cm 7.5pt 0cm\"><span style=\"font-size: 10.5pt;font-family: 'Arial',sans-serif;color: #797979\">Most a gyermeked \u00fajra felhozta benned, \u00edgy lehet\u0151s\u00e9ged van \u00fajra felfedezni, mik\u00f6zben gyermekednek megmutathatod, hogyan lehet e k\u00e9t vil\u00e1got \u00f6sszehangolni, hiszen enn\u00e9l csod\u00e1latosabb dolog nem sok van, hogy megvan a bizonyoss\u00e1god, hogy b\u00e1rmi t\u00f6rt\u00e9nj\u00e9k is, te k\u00e9pes vagy meg\u00e9lni azt \u00e9s tov\u00e1bb menni az utadon, mert tudod, mindig van seg\u00edts\u00e9ged! Mindig!<\/span><\/p>","type":"rich","thumbnail_url":"https:\/\/lathatatlanvalosag.cafeblog.hu\/files\/2018\/03\/1.12-spiritu\u00e1lis-gyermeknevel\u00e9s-150x150.jpg","thumbnail_width":150,"thumbnail_height":150}